{"id":360,"date":"2024-05-22T11:45:29","date_gmt":"2024-05-22T10:45:29","guid":{"rendered":"https:\/\/lavaillante13.fr\/?page_id=360"},"modified":"2024-05-22T11:45:30","modified_gmt":"2024-05-22T10:45:30","slug":"odj-la-ciotat","status":"publish","type":"page","link":"https:\/\/lavaillante13.fr\/?page_id=360","title":{"rendered":"OdJ La Ciotat"},"content":{"rendered":"\n<p style=\"text-align: justify;\">En 1862, les Messieurs, qu\u2019encourageait Mgr&nbsp;Cruise, \u00e9v\u00eaque de Marseille, propos\u00e8rent de rechercher l\u2019opportunit\u00e9 d\u2019ouvrir une succursale \u00e0 La Ciotat&nbsp;; le cur\u00e9 y \u00e9tait favorable et, nous dit M. de Barbarin, Monsieur de l\u2019\u0152uvre qui \u00e9crivit l\u2019histoire des premi\u00e8res ann\u00e9es de l\u2019\u0152uvre de la Ciotat, \u00ab&nbsp;on s\u2019aper\u00e7ut que les principaux habitants du pays \u00e9taient flatt\u00e9s que des Messieurs de Marseille, encourag\u00e9s par leur \u00e9v\u00eaque, viennent s\u2019occuper de la jeunesse de la ville&nbsp;\u00bb\u2026\u00ab&nbsp;On alla voir, continue-t-il, une assez grande propri\u00e9t\u00e9 rurale situ\u00e9e assez pr\u00e8s du mur d\u2019enceinte et d\u2019une superficie de 23&nbsp;000&nbsp;m\u00b2. La propri\u00e9taire, Mme&nbsp;Hiver, en accepta la vente qui fut conclue le 10&nbsp;octobre 1862. En fait, le terrain \u00e9tait trop grand pour nos besoins\u2026 Non seulement il fallait penser \u00e0 revendre une partie du terrain, mais de plus il \u00e9tait n\u00e9cessaire d\u2019am\u00e9nager une voie d\u2019acc\u00e8s pour rendre l\u2019\u0152uvre moins isol\u00e9e. Il fallait \u00e9galement cr\u00e9er des rues et les faire remblayer peu \u00e0 peu car le sol \u00e9tait tr\u00e8s bas\u2026 Tout cela prit beaucoup de temps et, il faut bien le dire, nous cr\u00e9a des pr\u00e9occupations en rapport tr\u00e8s indirect avec notre apostolat. Heureusement, la bienveillance du Maire et de la Cie des Messageries imp\u00e9riales<sup>1<\/sup>&nbsp;aplanit bien des difficult\u00e9s&nbsp;\u00bb. Malgr\u00e9 l\u2019implantation projet\u00e9e d\u2019un cimeti\u00e8re \u00e0 proximit\u00e9, le pr\u00e9fet<sup>2<\/sup>&nbsp;donna, par arr\u00eat\u00e9 du 26&nbsp;octobre 1863, l\u2019autorisation de diviser et de construire. Le projet de lotissement avait \u00e9t\u00e9 \u00e9tabli par l\u2019architecte B\u00e9rengier, 37&nbsp;cours Devilliers<sup>3<\/sup>&nbsp;\u00e0 Marseille. Il comprenait, outre la parcelle que se r\u00e9servait l\u2019\u0152uvre, une soixantaine de lots de terrain que reliaient six rues&nbsp;: rue de l\u2019abb\u00e9 Allemand, rue Saint-Patrice, rue de la Jeunesse, rue Chabaud, rue Brunet, rue Bruchon. Les b\u00e2timents de l\u2019\u0152uvre, spacieux, comprenant chapelle, salles de jeux et logements, furent \u00e9difi\u00e9s sur les plans de l\u2019architecte Berengier. Les vitraux de la chapelle sont dus au renomm\u00e9 ma\u00eetre verrier Didron, dont on peut voir les \u0153uvres dans des \u00e9glises telles que Saint Germain l\u2019Auxerrois \u00e0 Paris ou celle des R\u00e9form\u00e9s \u00e0 Marseille.L\u2019\u0152uvre ouvrit le 13&nbsp;mars 1864&nbsp;; elle y fut install\u00e9e par l\u2019abb\u00e9 Vitagliano, vicaire g\u00e9n\u00e9ral de Mgr&nbsp;Cruise. Trois Messieurs, Messieurs Olivieri, H\u00e9raud et Emy, affect\u00e9s \u00e0 l\u2019\u0152uvre de La Ciotat, venaient r\u00e9guli\u00e8rement depuis Marseille pour l\u2019animer. \u00c0 la diff\u00e9rence de ce qui s\u2019\u00e9tait produit pour les \u0152uvres de Cassis et de Roquevaire, l\u2019\u0152uvre rouvrit apr\u00e8s la guerre franco-prussienne de 1870 et elle continua d\u2019\u00eatre fr\u00e9quent\u00e9e par la jeunesse de La Ciotat. Un de ses membres, Louis Maurin, devint pr\u00eatre, puis \u00e9v\u00eaque et cardinal archev\u00eaque de Lyon.<\/p>\n<p style=\"text-align: left;\">Les archives nous r\u00e9v\u00e8lent que pendant cette p\u00e9riode, la Communaut\u00e9 des Messieurs accorda un soin particulier au respect du cahier des charges du lotissement qui excluait toute activit\u00e9 susceptible de porter atteinte aux bonnes m\u0153urs&nbsp;; elle intenta un proc\u00e8s (qu\u2019elle gagna) \u00e0 un de ses acqu\u00e9reurs qui louait le local qu\u2019il avait construit, 15 rue de l\u2019abb\u00e9 Allemand, \u00e0 un sieur Pietro Sperati. Celui-ci avait install\u00e9 un d\u00e9bit de boissons en exer\u00e7ant officiellement la profession de restaurateur<sup>4<\/sup>.<img loading=\"lazy\" decoding=\"async\" class=\" wp-image-3325 alignright\" src=\"https:\/\/st-sa-ojja.org\/wp-content\/uploads\/2022\/05\/La-Ciotat-facade-Oeuvre-F.Colas_.jpg\" sizes=\"auto, (max-width: 390px) 100vw, 390px\" srcset=\"https:\/\/st-sa-ojja.org\/wp-content\/uploads\/2022\/05\/La-Ciotat-facade-Oeuvre-F.Colas_-200x150.jpg 200w, https:\/\/st-sa-ojja.org\/wp-content\/uploads\/2022\/05\/La-Ciotat-facade-Oeuvre-F.Colas_-300x225.jpg 300w, https:\/\/st-sa-ojja.org\/wp-content\/uploads\/2022\/05\/La-Ciotat-facade-Oeuvre-F.Colas_-400x300.jpg 400w, https:\/\/st-sa-ojja.org\/wp-content\/uploads\/2022\/05\/La-Ciotat-facade-Oeuvre-F.Colas_-600x450.jpg 600w, https:\/\/st-sa-ojja.org\/wp-content\/uploads\/2022\/05\/La-Ciotat-facade-Oeuvre-F.Colas_-768x576.jpg 768w, https:\/\/st-sa-ojja.org\/wp-content\/uploads\/2022\/05\/La-Ciotat-facade-Oeuvre-F.Colas_-800x600.jpg 800w, https:\/\/st-sa-ojja.org\/wp-content\/uploads\/2022\/05\/La-Ciotat-facade-Oeuvre-F.Colas_-1024x768.jpg 1024w, https:\/\/st-sa-ojja.org\/wp-content\/uploads\/2022\/05\/La-Ciotat-facade-Oeuvre-F.Colas_-1200x900.jpg 1200w, https:\/\/st-sa-ojja.org\/wp-content\/uploads\/2022\/05\/La-Ciotat-facade-Oeuvre-F.Colas_-1536x1152.jpg 1536w, https:\/\/st-sa-ojja.org\/wp-content\/uploads\/2022\/05\/La-Ciotat-facade-Oeuvre-F.Colas_.jpg 2016w\" alt=\"\" width=\"390\" height=\"292\"><\/p>\n<p style=\"text-align: left;\">En 1898, l\u2019\u0152uvre changea\u2026 d\u2019adresse&nbsp;; en effet, par d\u00e9lib\u00e9ration du 1<sup>er<\/sup>&nbsp;septembre 1898, la commune d\u00e9cida que les noms des rues, qui avaient \u00e9t\u00e9 incorpor\u00e9es dans la voirie communale, seraient modifi\u00e9s en pr\u00e9cisant qu\u2019il y avait lieu \u00ab&nbsp;de donner une d\u00e9nomination plus conforme \u00e0 l\u2019int\u00e9r\u00eat public (sic)&nbsp;\u00bb&nbsp;; le nom de Michelet rempla\u00e7a celui de l\u2019abb\u00e9 Allemand et la rue Saint-Patrice (qui \u00e9tait le pr\u00e9nom de Mgr&nbsp;Cruise) devint la rue Pasteur.<\/p>\n<p style=\"text-align: left;\">Apr\u00e8s la guerre de 14-18, il apparut que la charge de l\u2019animation devenait lourde pour la Communaut\u00e9 des Messieurs qui g\u00e9rait par ailleurs \u00e0 Marseille l\u2019\u0152uvre du boulevard Tell\u00e8ne et celle des Iris, rue du Cdt Rolland. Au soir de l\u2019\u00c9piphanie 1925, les Messieurs quitt\u00e8rent la maison de La Ciotat, la confiant \u00e0 la paroisse. Le 1<sup>er<\/sup>&nbsp;d\u00e9cembre 1932, la Communaut\u00e9 c\u00e9da l\u2019immeuble au dioc\u00e8se en laissant \u00e0 la disposition de la paroisse tout ce qui se trouvait dans les locaux (objets de la chapelle, ornements, meubles, etc.). La paroisse poursuivit la t\u00e2che que s\u2019\u00e9tait assign\u00e9e l\u2019\u0152uvre. Une section de la JOC<sup>5<\/sup>&nbsp;s\u2019installa dans les locaux en 1928 et en 1929 l\u2019association sportive \u00ab&nbsp;La Vaillante&nbsp;\u00bb y fut cr\u00e9\u00e9e. D\u00e8s l\u2019\u00e9t\u00e9 1937, elle organisa une premi\u00e8re colonie de vacances, puis elle donna naissance \u00e0 un mouvement C\u0153urs Vaillants<sup>6<\/sup>&nbsp;en 1938 et \u00e0 un groupe scout, en 1950. La paroisse continua d\u2019animer l\u2019\u0152uvre jusqu\u2019en 1970, date \u00e0 laquelle, elle la confia \u00e0 l\u2019association La Vaillante.<\/p>\n<p style=\"text-align: left;\">12&nbsp;mars 1989, La Vaillante et la paroisse c\u00e9l\u00e9br\u00e8rent le 125<sup>e<\/sup>&nbsp;anniversaire de la fondation de l\u2019\u0152uvre. Des repr\u00e9sentants de la Communaut\u00e9 des Messieurs et des anciens de l\u2019\u0152uvre de St-Sa y assistaient. Les locaux accueillent actuellement les rassemblements paroissiaux, des groupes de jeunes, un centre de pr\u00e9paration au mariage, mais aussi le patronage Notre-Dame de l\u2019\u0152uvre qui a ouvert ses portes en 2016\u2026<\/p>\n<p style=\"text-align: left;\">On peut d\u00e9couvrir le b\u00e2timent \u00e0 l\u2019adresse suivante&nbsp;: 19 Bd Michelet, La Ciotat et demander \u00e0 visiter la chapelle. On remarquera que le buste de Jean-Joseph Allemand a conserv\u00e9 sa place au sommet de la fa\u00e7ade principale.<\/p>\n\n\n","protected":false},"excerpt":{"rendered":"<p>En 1862, les Messieurs, qu\u2019encourageait Mgr&nbsp;Cruise, \u00e9v\u00eaque de Marseille, propos\u00e8rent de rechercher l\u2019opportunit\u00e9 d\u2019ouvrir une succursale \u00e0 La Ciotat&nbsp;; le cur\u00e9 y \u00e9tait favorable et, nous dit M. de Barbarin, Monsieur de l\u2019\u0152uvre qui \u00e9crivit l\u2019histoire des premi\u00e8res ann\u00e9es de l\u2019\u0152uvre de la Ciotat, \u00ab&nbsp;on s\u2019aper\u00e7ut que les principaux habitants du pays \u00e9taient flatt\u00e9s que [&hellip;]<\/p>\n","protected":false},"author":1,"featured_media":0,"parent":0,"menu_order":0,"comment_status":"closed","ping_status":"closed","template":"","meta":{"footnotes":""},"class_list":["post-360","page","type-page","status-publish","czr-hentry"],"_links":{"self":[{"href":"https:\/\/lavaillante13.fr\/index.php?rest_route=\/wp\/v2\/pages\/360","targetHints":{"allow":["GET"]}}],"collection":[{"href":"https:\/\/lavaillante13.fr\/index.php?rest_route=\/wp\/v2\/pages"}],"about":[{"href":"https:\/\/lavaillante13.fr\/index.php?rest_route=\/wp\/v2\/types\/page"}],"author":[{"embeddable":true,"href":"https:\/\/lavaillante13.fr\/index.php?rest_route=\/wp\/v2\/users\/1"}],"replies":[{"embeddable":true,"href":"https:\/\/lavaillante13.fr\/index.php?rest_route=%2Fwp%2Fv2%2Fcomments&post=360"}],"version-history":[{"count":1,"href":"https:\/\/lavaillante13.fr\/index.php?rest_route=\/wp\/v2\/pages\/360\/revisions"}],"predecessor-version":[{"id":361,"href":"https:\/\/lavaillante13.fr\/index.php?rest_route=\/wp\/v2\/pages\/360\/revisions\/361"}],"wp:attachment":[{"href":"https:\/\/lavaillante13.fr\/index.php?rest_route=%2Fwp%2Fv2%2Fmedia&parent=360"}],"curies":[{"name":"wp","href":"https:\/\/api.w.org\/{rel}","templated":true}]}}