{"id":139,"date":"2016-05-11T22:03:42","date_gmt":"2016-05-11T21:03:42","guid":{"rendered":"http:\/\/lavaillante13.fr\/?page_id=139"},"modified":"2016-05-11T22:03:53","modified_gmt":"2016-05-11T21:03:53","slug":"salle-de-reunion","status":"publish","type":"page","link":"https:\/\/lavaillante13.fr\/?page_id=139","title":{"rendered":"Salle de r\u00e9union"},"content":{"rendered":"<h3><div class=\"su-column su-column-size-1-2\"><div class=\"su-column-inner su-u-clearfix su-u-trim\"><img loading=\"lazy\" decoding=\"async\" class=\"alignnone wp-image-143\" src=\"http:\/\/lavaillante13.fr\/wp-content\/uploads\/2016\/05\/IMG_0393-e1462997387300-300x224.jpg\" alt=\"IMG_0393\" width=\"301\" height=\"225\" srcset=\"https:\/\/lavaillante13.fr\/wp-content\/uploads\/2016\/05\/IMG_0393-e1462997387300-300x224.jpg 300w, https:\/\/lavaillante13.fr\/wp-content\/uploads\/2016\/05\/IMG_0393-e1462997387300-768x574.jpg 768w, https:\/\/lavaillante13.fr\/wp-content\/uploads\/2016\/05\/IMG_0393-e1462997387300.jpg 800w\" sizes=\"auto, (max-width: 301px) 100vw, 301px\" \/><\/div><\/div>SALLE N\u00b015<\/h3>\n<p>Cette salle de r\u00e9union situ\u00e9e au 1er \u00e9tage, est parfaite pour vos formations, entretiens individuels et r\u00e9union d&rsquo;\u00e9quipe<\/p>\n<table style=\"width: 400px;\">\n<tbody>\n<tr style=\"height: 4px;\">\n<td style=\"height: 4px; background-color: #000000; text-align: center; vertical-align: middle; width: 399px;\" colspan=\"3\"><strong><span style=\"color: #ffffff;\">REUNION<\/span><\/strong><\/td>\n<\/tr>\n<tr style=\"height: 36px;\">\n<td style=\"height: 36px; text-align: center; width: 133px;\"><img loading=\"lazy\" decoding=\"async\" class=\"alignnone size-full wp-image-150\" src=\"http:\/\/lavaillante13.fr\/wp-content\/uploads\/2016\/05\/picto-reunion.jpg\" alt=\"picto-reunion\" width=\"27\" height=\"27\" \/><\/td>\n<td style=\"height: 36px; text-align: center; width: 133px;\"><img loading=\"lazy\" decoding=\"async\" class=\"alignnone size-full wp-image-151\" src=\"http:\/\/lavaillante13.fr\/wp-content\/uploads\/2016\/05\/picto-class.jpg\" alt=\"picto-class\" width=\"27\" height=\"27\" \/><\/td>\n<td style=\"height: 36px; text-align: center; width: 133px;\"><img loading=\"lazy\" decoding=\"async\" class=\"alignnone size-full wp-image-152\" src=\"http:\/\/lavaillante13.fr\/wp-content\/uploads\/2016\/05\/picto-u.jpg\" alt=\"picto-u\" width=\"27\" height=\"27\" \/><\/td>\n<\/tr>\n<tr style=\"height: 26.0667px;\">\n<td style=\"height: 26.0667px; background-color: #c7c9d4; text-align: center; width: 133px;\"><strong>20<\/strong><\/td>\n<td style=\"height: 26.0667px; background-color: #c7c9d4; text-align: center; width: 133px;\"><strong>25<\/strong><\/td>\n<td style=\"height: 26.0667px; background-color: #c7c9d4; text-align: center; width: 133px;\"><strong>16<\/strong><\/td>\n<\/tr>\n<\/tbody>\n<\/table>\n<p>&nbsp;<\/p>\n<p>&nbsp;<\/p>\n<p>&nbsp;<\/p>\n<h3><div class=\"su-column su-column-size-1-2\"><div class=\"su-column-inner su-u-clearfix su-u-trim\"><img loading=\"lazy\" decoding=\"async\" class=\"alignnone wp-image-157\" src=\"http:\/\/lavaillante13.fr\/wp-content\/uploads\/2016\/05\/salle12.jpg\" alt=\"salle12\" width=\"301\" height=\"200\" \/><\/div><\/div>SALLE N\u00b012<\/h3>\n<p>Cette salle de r\u00e9union situ\u00e9e au 1er \u00e9tage, est parfaite pour vos assembl\u00e9es g\u00e9n\u00e9rales, et conf\u00e9rences<\/p>\n<table style=\"width: 400px;\">\n<tbody>\n<tr>\n<td style=\"background-color: #000000; text-align: center;\" colspan=\"3\"><span style=\"color: #ffffff;\"><strong>ASSEMBLEES GENERALES \/ CONFERENCES<\/strong><\/span><\/td>\n<\/tr>\n<tr>\n<td><img loading=\"lazy\" decoding=\"async\" class=\"size-full wp-image-150 aligncenter\" src=\"http:\/\/lavaillante13.fr\/wp-content\/uploads\/2016\/05\/picto-reunion.jpg\" alt=\"picto-reunion\" width=\"27\" height=\"27\" \/><\/td>\n<td><img loading=\"lazy\" decoding=\"async\" class=\"size-full wp-image-151 aligncenter\" src=\"http:\/\/lavaillante13.fr\/wp-content\/uploads\/2016\/05\/picto-class.jpg\" alt=\"picto-class\" width=\"27\" height=\"27\" \/><\/td>\n<td><img loading=\"lazy\" decoding=\"async\" class=\"size-full wp-image-152 aligncenter\" src=\"http:\/\/lavaillante13.fr\/wp-content\/uploads\/2016\/05\/picto-u.jpg\" alt=\"picto-u\" width=\"27\" height=\"27\" \/><\/td>\n<\/tr>\n<tr>\n<td style=\"background-color: #c7c9d4; text-align: center;\"><strong>&#8211;<\/strong><\/td>\n<td style=\"background-color: #c7c9d4; text-align: center;\"><strong>70<\/strong><\/td>\n<td style=\"background-color: #c7c9d4; text-align: center;\"><strong>&#8211;<\/strong><\/td>\n<\/tr>\n<\/tbody>\n<\/table>\n<h3>Options :<\/h3>\n<p>Vid\u00e9o projecteur<\/p>\n<p>Sonorisation<\/p>\n","protected":false},"excerpt":{"rendered":"<p>SALLE N\u00b015 Cette salle de r\u00e9union situ\u00e9e au 1er \u00e9tage, est parfaite pour vos formations, entretiens individuels et r\u00e9union d&rsquo;\u00e9quipe REUNION 20 25 16 &nbsp; &nbsp; &nbsp; SALLE N\u00b012 Cette salle de r\u00e9union situ\u00e9e au 1er \u00e9tage, est parfaite pour vos assembl\u00e9es g\u00e9n\u00e9rales, et conf\u00e9rences ASSEMBLEES GENERALES \/ CONFERENCES &#8211; 70 &#8211; Options : Vid\u00e9o [&hellip;]<\/p>\n","protected":false},"author":1,"featured_media":0,"parent":0,"menu_order":0,"comment_status":"closed","ping_status":"closed","template":"","meta":{"footnotes":""},"class_list":["post-139","page","type-page","status-publish","czr-hentry"],"_links":{"self":[{"href":"https:\/\/lavaillante13.fr\/index.php?rest_route=\/wp\/v2\/pages\/139","targetHints":{"allow":["GET"]}}],"collection":[{"href":"https:\/\/lavaillante13.fr\/index.php?rest_route=\/wp\/v2\/pages"}],"about":[{"href":"https:\/\/lavaillante13.fr\/index.php?rest_route=\/wp\/v2\/types\/page"}],"author":[{"embeddable":true,"href":"https:\/\/lavaillante13.fr\/index.php?rest_route=\/wp\/v2\/users\/1"}],"replies":[{"embeddable":true,"href":"https:\/\/lavaillante13.fr\/index.php?rest_route=%2Fwp%2Fv2%2Fcomments&post=139"}],"version-history":[{"count":21,"href":"https:\/\/lavaillante13.fr\/index.php?rest_route=\/wp\/v2\/pages\/139\/revisions"}],"predecessor-version":[{"id":166,"href":"https:\/\/lavaillante13.fr\/index.php?rest_route=\/wp\/v2\/pages\/139\/revisions\/166"}],"wp:attachment":[{"href":"https:\/\/lavaillante13.fr\/index.php?rest_route=%2Fwp%2Fv2%2Fmedia&parent=139"}],"curies":[{"name":"wp","href":"https:\/\/api.w.org\/{rel}","templated":true}]}}